{"id":77,"date":"2017-11-30T14:12:27","date_gmt":"2017-11-30T14:12:27","guid":{"rendered":"https:\/\/niudellavors.org\/?page_id=77"},"modified":"2025-01-22T11:45:00","modified_gmt":"2025-01-22T11:45:00","slug":"qui-som","status":"publish","type":"page","link":"https:\/\/niudellavors.org\/cas\/qui-som\/","title":{"rendered":"Qui\u00e9nes somos"},"content":{"rendered":"<div data-elementor-type=\"wp-page\" data-elementor-id=\"77\" class=\"elementor elementor-77\" data-elementor-post-type=\"page\">\n\t\t\t\t\t\t<section class=\"elementor-section elementor-top-section elementor-element elementor-element-7e17346 elementor-section-content-middle elementor-reverse-mobile elementor-section-boxed elementor-section-height-default elementor-section-height-default\" data-id=\"7e17346\" data-element_type=\"section\">\n\t\t\t\t\t\t<div class=\"elementor-container elementor-column-gap-default\">\n\t\t\t\t\t<div class=\"elementor-column elementor-col-100 elementor-top-column elementor-element elementor-element-123c95ec\" data-id=\"123c95ec\" data-element_type=\"column\">\n\t\t\t<div class=\"elementor-widget-wrap elementor-element-populated\">\n\t\t\t\t\t\t<div class=\"elementor-element elementor-element-2065d943 elementor-widget elementor-widget-heading\" data-id=\"2065d943\" data-element_type=\"widget\" data-widget_type=\"heading.default\">\n\t\t\t\t<div class=\"elementor-widget-container\">\n\t\t\t\t\t<h1 class=\"elementor-heading-title elementor-size-default\">La asociaci\u00f3n\n<\/h1>\t\t\t\t<\/div>\n\t\t\t\t<\/div>\n\t\t\t\t\t<\/div>\n\t\t<\/div>\n\t\t\t\t\t<\/div>\n\t\t<\/section>\n\t\t\t\t<section class=\"elementor-section elementor-top-section elementor-element elementor-element-3f0b9f9a elementor-section-content-top elementor-reverse-mobile elementor-section-boxed elementor-section-height-default elementor-section-height-default\" data-id=\"3f0b9f9a\" data-element_type=\"section\">\n\t\t\t\t\t\t<div class=\"elementor-container elementor-column-gap-default\">\n\t\t\t\t\t<div class=\"elementor-column elementor-col-50 elementor-top-column elementor-element elementor-element-43cad0dd\" data-id=\"43cad0dd\" data-element_type=\"column\">\n\t\t\t<div class=\"elementor-widget-wrap elementor-element-populated\">\n\t\t\t\t\t\t<div class=\"elementor-element elementor-element-47e441e8 elementor-widget elementor-widget-text-editor\" data-id=\"47e441e8\" data-element_type=\"widget\" data-widget_type=\"text-editor.default\">\n\t\t\t\t<div class=\"elementor-widget-container\">\n\t\t\t\t\t\t\t\t\tNiu de Llavors es una asociaci\u00f3n sin \u00e1nimo de lucro, formada por familias convencidas de que hace falta una mirada m\u00e1s respetuosa hacia la infancia. \n\nEn el 2017 sembramos nuestra primera semilla, con un grupo de personas que busc\u00e1bamos una tribu para criar a nuestros beb\u00e9s y apoyarnos mutuamente. Llegado el 2023, empezamos a recoger el fruto y germinamos nuevas semillas : ya somos 47 familias socias que nos apoyamos en las tareas de la crianza y nos acompa\u00f1amos en el proceso de crecimiento personal que esta requiere.\n\nContamos con un espacio propio en la naturaleza, en Marchuquera, con materiales e infraestructuras adaptadas a las necesidades de las criaturas y las personas adultas.\t\t\t\t\t\t\t\t<\/div>\n\t\t\t\t<\/div>\n\t\t\t\t\t<\/div>\n\t\t<\/div>\n\t\t\t\t<div class=\"elementor-column elementor-col-50 elementor-top-column elementor-element elementor-element-58a8153b\" data-id=\"58a8153b\" data-element_type=\"column\">\n\t\t\t<div class=\"elementor-widget-wrap elementor-element-populated\">\n\t\t\t\t\t\t<div class=\"elementor-element elementor-element-e347422 elementor-widget elementor-widget-text-editor\" data-id=\"e347422\" data-element_type=\"widget\" data-widget_type=\"text-editor.default\">\n\t\t\t\t<div class=\"elementor-widget-container\">\n\t\t\t\t\t\t\t\t\tCreamos un entorno favorecedor para las familias, donde se respeta la diversidad y el ritmo de cada persona, grande o peque\u00f1a.\n\nAdem\u00e1s, tenemos un equipo de trabajo formado por 4 personas que se encargan de atender nuestras principales l\u00edneas de acci\u00f3n dentro y fuera de la asociaci\u00f3n. Trabajando en estas 4 l\u00edneas de acci\u00f3n, nuestra filosof\u00eda llega tambi\u00e9n a otros espacios familiares y educativos formales, donde est\u00e1n la mayor\u00eda de criaturas y podemos ayudar a defender sus derechos y necesidades:\t\t\t\t\t\t\t\t<\/div>\n\t\t\t\t<\/div>\n\t\t\t\t\t<\/div>\n\t\t<\/div>\n\t\t\t\t\t<\/div>\n\t\t<\/section>\n\t\t\t\t<section class=\"elementor-section elementor-top-section elementor-element elementor-element-60c51774 elementor-section-boxed elementor-section-height-default elementor-section-height-default\" data-id=\"60c51774\" data-element_type=\"section\">\n\t\t\t\t\t\t<div class=\"elementor-container elementor-column-gap-default\">\n\t\t\t\t\t<div class=\"elementor-column elementor-col-25 elementor-top-column elementor-element elementor-element-3f9984d2\" data-id=\"3f9984d2\" data-element_type=\"column\">\n\t\t\t<div class=\"elementor-widget-wrap elementor-element-populated\">\n\t\t\t\t\t\t<div class=\"elementor-element elementor-element-14981b6f elementor-widget elementor-widget-image\" data-id=\"14981b6f\" data-element_type=\"widget\" data-widget_type=\"image.default\">\n\t\t\t\t<div class=\"elementor-widget-container\">\n\t\t\t\t\t\t\t\t\t\t\t\t\t\t\t<img fetchpriority=\"high\" decoding=\"async\" width=\"460\" height=\"460\" src=\"https:\/\/niudellavors.org\/wp-content\/uploads\/2024\/10\/cuidado-1.png\" class=\"attachment-large size-large wp-image-2353\" alt=\"\" srcset=\"https:\/\/niudellavors.org\/wp-content\/uploads\/2024\/10\/cuidado-1.png 474w, https:\/\/niudellavors.org\/wp-content\/uploads\/2024\/10\/cuidado-1-300x300.png 300w, https:\/\/niudellavors.org\/wp-content\/uploads\/2024\/10\/cuidado-1-150x150.png 150w, https:\/\/niudellavors.org\/wp-content\/uploads\/2024\/10\/cuidado-1-12x12.png 12w\" sizes=\"(max-width: 460px) 100vw, 460px\" \/>\t\t\t\t\t\t\t\t\t\t\t\t\t\t\t<\/div>\n\t\t\t\t<\/div>\n\t\t\t\t\t<\/div>\n\t\t<\/div>\n\t\t\t\t<div class=\"elementor-column elementor-col-25 elementor-top-column elementor-element elementor-element-600dbdd2\" data-id=\"600dbdd2\" data-element_type=\"column\">\n\t\t\t<div class=\"elementor-widget-wrap elementor-element-populated\">\n\t\t\t\t\t\t<div class=\"elementor-element elementor-element-56bf246c elementor-widget elementor-widget-image\" data-id=\"56bf246c\" data-element_type=\"widget\" data-widget_type=\"image.default\">\n\t\t\t\t<div class=\"elementor-widget-container\">\n\t\t\t\t\t\t\t\t\t\t\t\t\t\t\t<img decoding=\"async\" width=\"460\" height=\"461\" src=\"https:\/\/niudellavors.org\/wp-content\/uploads\/2024\/10\/FORMACION.png\" class=\"attachment-large size-large wp-image-2354\" alt=\"\" srcset=\"https:\/\/niudellavors.org\/wp-content\/uploads\/2024\/10\/FORMACION.png 473w, https:\/\/niudellavors.org\/wp-content\/uploads\/2024\/10\/FORMACION-300x300.png 300w, https:\/\/niudellavors.org\/wp-content\/uploads\/2024\/10\/FORMACION-150x150.png 150w, https:\/\/niudellavors.org\/wp-content\/uploads\/2024\/10\/FORMACION-12x12.png 12w\" sizes=\"(max-width: 460px) 100vw, 460px\" \/>\t\t\t\t\t\t\t\t\t\t\t\t\t\t\t<\/div>\n\t\t\t\t<\/div>\n\t\t\t\t\t<\/div>\n\t\t<\/div>\n\t\t\t\t<div class=\"elementor-column elementor-col-25 elementor-top-column elementor-element elementor-element-6b17b869\" data-id=\"6b17b869\" data-element_type=\"column\">\n\t\t\t<div class=\"elementor-widget-wrap elementor-element-populated\">\n\t\t\t\t\t\t<div class=\"elementor-element elementor-element-1d41167f elementor-widget elementor-widget-image\" data-id=\"1d41167f\" data-element_type=\"widget\" data-widget_type=\"image.default\">\n\t\t\t\t<div class=\"elementor-widget-container\">\n\t\t\t\t\t\t\t\t\t\t\t\t\t\t\t<img decoding=\"async\" width=\"461\" height=\"461\" src=\"https:\/\/niudellavors.org\/wp-content\/uploads\/2024\/10\/APOYO-1.png\" class=\"attachment-large size-large wp-image-2355\" alt=\"\" srcset=\"https:\/\/niudellavors.org\/wp-content\/uploads\/2024\/10\/APOYO-1.png 474w, https:\/\/niudellavors.org\/wp-content\/uploads\/2024\/10\/APOYO-1-300x300.png 300w, https:\/\/niudellavors.org\/wp-content\/uploads\/2024\/10\/APOYO-1-150x150.png 150w, https:\/\/niudellavors.org\/wp-content\/uploads\/2024\/10\/APOYO-1-12x12.png 12w\" sizes=\"(max-width: 461px) 100vw, 461px\" \/>\t\t\t\t\t\t\t\t\t\t\t\t\t\t\t<\/div>\n\t\t\t\t<\/div>\n\t\t\t\t\t<\/div>\n\t\t<\/div>\n\t\t\t\t<div class=\"elementor-column elementor-col-25 elementor-top-column elementor-element elementor-element-f6e0448\" data-id=\"f6e0448\" data-element_type=\"column\">\n\t\t\t<div class=\"elementor-widget-wrap elementor-element-populated\">\n\t\t\t\t\t\t<div class=\"elementor-element elementor-element-676756eb elementor-widget elementor-widget-image\" data-id=\"676756eb\" data-element_type=\"widget\" data-widget_type=\"image.default\">\n\t\t\t\t<div class=\"elementor-widget-container\">\n\t\t\t\t\t\t\t\t\t\t\t\t\t\t\t<img loading=\"lazy\" decoding=\"async\" width=\"460\" height=\"461\" src=\"https:\/\/niudellavors.org\/wp-content\/uploads\/2024\/10\/CRECIMIENTO-1.png\" class=\"attachment-large size-large wp-image-2356\" alt=\"\" srcset=\"https:\/\/niudellavors.org\/wp-content\/uploads\/2024\/10\/CRECIMIENTO-1.png 474w, https:\/\/niudellavors.org\/wp-content\/uploads\/2024\/10\/CRECIMIENTO-1-300x300.png 300w, https:\/\/niudellavors.org\/wp-content\/uploads\/2024\/10\/CRECIMIENTO-1-150x150.png 150w, https:\/\/niudellavors.org\/wp-content\/uploads\/2024\/10\/CRECIMIENTO-1-12x12.png 12w\" sizes=\"(max-width: 460px) 100vw, 460px\" \/>\t\t\t\t\t\t\t\t\t\t\t\t\t\t\t<\/div>\n\t\t\t\t<\/div>\n\t\t\t\t\t<\/div>\n\t\t<\/div>\n\t\t\t\t\t<\/div>\n\t\t<\/section>\n\t\t\t\t<section class=\"elementor-section elementor-top-section elementor-element elementor-element-2f098b78 elementor-section-boxed elementor-section-height-default elementor-section-height-default\" data-id=\"2f098b78\" data-element_type=\"section\" data-settings=\"{&quot;background_background&quot;:&quot;classic&quot;}\">\n\t\t\t\t\t\t<div class=\"elementor-container elementor-column-gap-default\">\n\t\t\t\t\t<div class=\"elementor-column elementor-col-100 elementor-top-column elementor-element elementor-element-73aac8fd\" data-id=\"73aac8fd\" data-element_type=\"column\">\n\t\t\t<div class=\"elementor-widget-wrap elementor-element-populated\">\n\t\t\t\t\t\t<div class=\"elementor-element elementor-element-4d487d3e elementor-widget elementor-widget-heading\" data-id=\"4d487d3e\" data-element_type=\"widget\" data-widget_type=\"heading.default\">\n\t\t\t\t<div class=\"elementor-widget-container\">\n\t\t\t\t\t<h2 class=\"elementor-heading-title elementor-size-default\">Conoce a nuestro equipo de trabajo\n<\/h2>\t\t\t\t<\/div>\n\t\t\t\t<\/div>\n\t\t\t\t\t<\/div>\n\t\t<\/div>\n\t\t\t\t\t<\/div>\n\t\t<\/section>\n\t\t\t\t<section class=\"elementor-section elementor-top-section elementor-element elementor-element-6528d5ed elementor-section-boxed elementor-section-height-default elementor-section-height-default\" data-id=\"6528d5ed\" data-element_type=\"section\" data-settings=\"{&quot;background_background&quot;:&quot;classic&quot;}\">\n\t\t\t\t\t\t<div class=\"elementor-container elementor-column-gap-default\">\n\t\t\t\t\t<div class=\"elementor-column elementor-col-25 elementor-top-column elementor-element elementor-element-6dbd86c3\" data-id=\"6dbd86c3\" data-element_type=\"column\">\n\t\t\t<div class=\"elementor-widget-wrap elementor-element-populated\">\n\t\t\t\t\t\t<div class=\"elementor-element elementor-element-154bac96 elementor-flip-box--effect-fade elementor-widget elementor-widget-flip-box\" data-id=\"154bac96\" data-element_type=\"widget\" data-widget_type=\"flip-box.default\">\n\t\t\t\t<div class=\"elementor-widget-container\">\n\t\t\t\t\t\t\t<div class=\"elementor-flip-box\" tabindex=\"0\">\n\t\t\t<div class=\"elementor-flip-box__layer elementor-flip-box__front\">\n\t\t\t\t<div class=\"elementor-flip-box__layer__overlay\">\n\t\t\t\t\t<div class=\"elementor-flip-box__layer__inner\">\n\t\t\t\t\t\t\n\t\t\t\t\t\t\n\t\t\t\t\t\t\t\t\t\t\t<\/div>\n\t\t\t\t<\/div>\n\t\t\t<\/div>\n\t\t\t<div class=\"elementor-flip-box__layer elementor-flip-box__back\">\n\t\t\t<div class=\"elementor-flip-box__layer__overlay\">\n\t\t\t\t<div class=\"elementor-flip-box__layer__inner\">\n\t\t\t\t\t\n\t\t\t\t\t\n\t\t\t\t\t\t\t\t<\/div>\n\t\t<\/div>\n\t\t<\/div>\n\t\t<\/div>\n\t\t\t\t\t\t<\/div>\n\t\t\t\t<\/div>\n\t\t\t\t<div class=\"elementor-element elementor-element-470244b elementor-widget elementor-widget-accordion\" data-id=\"470244b\" data-element_type=\"widget\" data-widget_type=\"accordion.default\">\n\t\t\t\t<div class=\"elementor-widget-container\">\n\t\t\t\t\t\t\t<div class=\"elementor-accordion\">\n\t\t\t\t\t\t\t<div class=\"elementor-accordion-item\">\n\t\t\t\t\t<div id=\"elementor-tab-title-7441\" class=\"elementor-tab-title\" data-tab=\"1\" role=\"button\" aria-controls=\"elementor-tab-content-7441\" aria-expanded=\"false\">\n\t\t\t\t\t\t\t\t\t\t\t\t\t<span class=\"elementor-accordion-icon elementor-accordion-icon-right\" aria-hidden=\"true\">\n\t\t\t\t\t\t\t\t\t\t\t\t\t\t\t<span class=\"elementor-accordion-icon-closed\"><i class=\"fas fa-plus\"><\/i><\/span>\n\t\t\t\t\t\t\t\t<span class=\"elementor-accordion-icon-opened\"><i class=\"fas fa-minus\"><\/i><\/span>\n\t\t\t\t\t\t\t\t\t\t\t\t\t\t<\/span>\n\t\t\t\t\t\t\t\t\t\t\t\t<a class=\"elementor-accordion-title\" tabindex=\"0\">Gema Montero<\/a>\n\t\t\t\t\t<\/div>\n\t\t\t\t\t<div id=\"elementor-tab-content-7441\" class=\"elementor-tab-content elementor-clearfix\" data-tab=\"1\" role=\"region\" aria-labelledby=\"elementor-tab-title-7441\"><p>Coordinadora de Niu de Llavors. EL alma mater del proyecto. Fue su experiencia como madre la chispa que puso en marcha la llama que contin\u00faa muy encendida en Niu de Llavors. Pero su inquietud por las infancias libres no empieza aqu\u00ed, sino que se remonta 10 a\u00f1os atr\u00e1s, donde conecta con su propia infancia a partir de una formaci\u00f3n con Kris del Espacio Karakolas. Desde entonces, a trav\u00e9s de una revisi\u00f3n personal profunda y una formaci\u00f3n contin\u00faa en pedagog\u00edas alternativas, detecta su pasi\u00f3n para intentar generar un cambio en la sociedad a trav\u00e9s de la relaci\u00f3n de las personas adultas con la infancia. Con su esp\u00edritu cr\u00edtico y transformador y su energ\u00eda incandescente coordina este proyecto, cosa que no es nada f\u00e1cil, porque este es un proyecto din\u00e1mico en continuo cambio. Un reto que Gema sabe asumir.<\/p><p><strong>\u00bfQu\u00e9 nos encanta de Gema?<\/strong> La passi\u00f3 amb la que conta contes<br \/><strong>\u00bfQu\u00e9 nos lleva de cabeza?<\/strong> Que sempre perd les claus<\/p><\/div>\n\t\t\t\t<\/div>\n\t\t\t\t\t\t\t\t<\/div>\n\t\t\t\t\t\t<\/div>\n\t\t\t\t<\/div>\n\t\t\t\t<div class=\"elementor-element elementor-element-a6e2f2b elementor-widget elementor-widget-html\" data-id=\"a6e2f2b\" data-element_type=\"widget\" data-widget_type=\"html.default\">\n\t\t\t\t<div class=\"elementor-widget-container\">\n\t\t\t\t\t<script>\njQuery(document).ready(function($) {\nvar delay = 100; setTimeout(function() {\n$('.elementor-tab-title').removeClass('elementor-active');\n $('.elementor-tab-content').css('display', 'none'); }, delay);\n});\n<\/script>\t\t\t\t<\/div>\n\t\t\t\t<\/div>\n\t\t\t\t\t<\/div>\n\t\t<\/div>\n\t\t\t\t<div class=\"elementor-column elementor-col-25 elementor-top-column elementor-element elementor-element-2b8e73a9\" data-id=\"2b8e73a9\" data-element_type=\"column\">\n\t\t\t<div class=\"elementor-widget-wrap elementor-element-populated\">\n\t\t\t\t\t\t<div class=\"elementor-element elementor-element-737020c5 elementor-flip-box--effect-fade elementor-widget elementor-widget-flip-box\" data-id=\"737020c5\" data-element_type=\"widget\" data-widget_type=\"flip-box.default\">\n\t\t\t\t<div class=\"elementor-widget-container\">\n\t\t\t\t\t\t\t<div class=\"elementor-flip-box\" tabindex=\"0\">\n\t\t\t<div class=\"elementor-flip-box__layer elementor-flip-box__front\">\n\t\t\t\t<div class=\"elementor-flip-box__layer__overlay\">\n\t\t\t\t\t<div class=\"elementor-flip-box__layer__inner\">\n\t\t\t\t\t\t\n\t\t\t\t\t\t\n\t\t\t\t\t\t\t\t\t\t\t<\/div>\n\t\t\t\t<\/div>\n\t\t\t<\/div>\n\t\t\t<div class=\"elementor-flip-box__layer elementor-flip-box__back\">\n\t\t\t<div class=\"elementor-flip-box__layer__overlay\">\n\t\t\t\t<div class=\"elementor-flip-box__layer__inner\">\n\t\t\t\t\t\n\t\t\t\t\t\n\t\t\t\t\t\t\t\t<\/div>\n\t\t<\/div>\n\t\t<\/div>\n\t\t<\/div>\n\t\t\t\t\t\t<\/div>\n\t\t\t\t<\/div>\n\t\t\t\t<div class=\"elementor-element elementor-element-9701f07 elementor-widget elementor-widget-accordion\" data-id=\"9701f07\" data-element_type=\"widget\" data-widget_type=\"accordion.default\">\n\t\t\t\t<div class=\"elementor-widget-container\">\n\t\t\t\t\t\t\t<div class=\"elementor-accordion\">\n\t\t\t\t\t\t\t<div class=\"elementor-accordion-item\">\n\t\t\t\t\t<div id=\"elementor-tab-title-1581\" class=\"elementor-tab-title\" data-tab=\"1\" role=\"button\" aria-controls=\"elementor-tab-content-1581\" aria-expanded=\"false\">\n\t\t\t\t\t\t\t\t\t\t\t\t\t<span class=\"elementor-accordion-icon elementor-accordion-icon-right\" aria-hidden=\"true\">\n\t\t\t\t\t\t\t\t\t\t\t\t\t\t\t<span class=\"elementor-accordion-icon-closed\"><i class=\"fas fa-plus\"><\/i><\/span>\n\t\t\t\t\t\t\t\t<span class=\"elementor-accordion-icon-opened\"><i class=\"fas fa-minus\"><\/i><\/span>\n\t\t\t\t\t\t\t\t\t\t\t\t\t\t<\/span>\n\t\t\t\t\t\t\t\t\t\t\t\t<a class=\"elementor-accordion-title\" tabindex=\"0\">Patri Colominas<\/a>\n\t\t\t\t\t<\/div>\n\t\t\t\t\t<div id=\"elementor-tab-content-1581\" class=\"elementor-tab-content elementor-clearfix\" data-tab=\"1\" role=\"region\" aria-labelledby=\"elementor-tab-title-1581\"><p>Acompa\u00f1ante en Niu de Llavors, licenciada en Pedagog\u00eda y M\u00e1ster en Necesidades Educativas Especiales, es la maternidad de una ni\u00f1a y dos ni\u00f1os la que le hace cambiar la mirada hacia la infancia y derivar su formaci\u00f3n hacia una educaci\u00f3n m\u00e1s libre y respetuosa, form\u00e1ndose en acompa\u00f1amiento emocional, necesidades y desarrollo de criaturas, etc. Ha trabajado dentro de la educaci\u00f3n institucional con todos los rangos de edad: en centros de menores, con adolescentes en los institutos, con la tercera edad, pero es en Niu de Llavors donde desarrolla su mayor potencial como profesional y persona: un amor incondicional y un respeto absoluto a los ritmos de cada criatura a las cuales acompa\u00f1a.<br \/>Para Niu de Llavors Patri es experiencia en la maternidad y valent\u00eda. Nos ayuda a relativizar y a ver m\u00e1s f\u00e1cil obst\u00e1culos que a veces creemos no poder traspasar.<\/p><p><strong>\u00bfQu\u00e9 nos encanta de Patri?<\/strong> Su gran sentido del humor<br \/><strong>\u00bfQu\u00e9 nos lleva de cabeza?<\/strong> Lo que le gusta cantar pero lo poco que puede afinar<\/p><\/div>\n\t\t\t\t<\/div>\n\t\t\t\t\t\t\t\t<\/div>\n\t\t\t\t\t\t<\/div>\n\t\t\t\t<\/div>\n\t\t\t\t\t<\/div>\n\t\t<\/div>\n\t\t\t\t<div class=\"elementor-column elementor-col-25 elementor-top-column elementor-element elementor-element-13ecc5f9\" data-id=\"13ecc5f9\" data-element_type=\"column\">\n\t\t\t<div class=\"elementor-widget-wrap elementor-element-populated\">\n\t\t\t\t\t\t<div class=\"elementor-element elementor-element-7d9623eb elementor-flip-box--effect-fade elementor-widget elementor-widget-flip-box\" data-id=\"7d9623eb\" data-element_type=\"widget\" data-widget_type=\"flip-box.default\">\n\t\t\t\t<div class=\"elementor-widget-container\">\n\t\t\t\t\t\t\t<div class=\"elementor-flip-box\" tabindex=\"0\">\n\t\t\t<div class=\"elementor-flip-box__layer elementor-flip-box__front\">\n\t\t\t\t<div class=\"elementor-flip-box__layer__overlay\">\n\t\t\t\t\t<div class=\"elementor-flip-box__layer__inner\">\n\t\t\t\t\t\t\n\t\t\t\t\t\t\n\t\t\t\t\t\t\t\t\t\t\t<\/div>\n\t\t\t\t<\/div>\n\t\t\t<\/div>\n\t\t\t<div class=\"elementor-flip-box__layer elementor-flip-box__back\">\n\t\t\t<div class=\"elementor-flip-box__layer__overlay\">\n\t\t\t\t<div class=\"elementor-flip-box__layer__inner\">\n\t\t\t\t\t\n\t\t\t\t\t\n\t\t\t\t\t\t\t\t<\/div>\n\t\t<\/div>\n\t\t<\/div>\n\t\t<\/div>\n\t\t\t\t\t\t<\/div>\n\t\t\t\t<\/div>\n\t\t\t\t<div class=\"elementor-element elementor-element-fbe2ea9 elementor-widget elementor-widget-accordion\" data-id=\"fbe2ea9\" data-element_type=\"widget\" data-widget_type=\"accordion.default\">\n\t\t\t\t<div class=\"elementor-widget-container\">\n\t\t\t\t\t\t\t<div class=\"elementor-accordion\">\n\t\t\t\t\t\t\t<div class=\"elementor-accordion-item\">\n\t\t\t\t\t<div id=\"elementor-tab-title-2641\" class=\"elementor-tab-title\" data-tab=\"1\" role=\"button\" aria-controls=\"elementor-tab-content-2641\" aria-expanded=\"false\">\n\t\t\t\t\t\t\t\t\t\t\t\t\t<span class=\"elementor-accordion-icon elementor-accordion-icon-right\" aria-hidden=\"true\">\n\t\t\t\t\t\t\t\t\t\t\t\t\t\t\t<span class=\"elementor-accordion-icon-closed\"><i class=\"fas fa-plus\"><\/i><\/span>\n\t\t\t\t\t\t\t\t<span class=\"elementor-accordion-icon-opened\"><i class=\"fas fa-minus\"><\/i><\/span>\n\t\t\t\t\t\t\t\t\t\t\t\t\t\t<\/span>\n\t\t\t\t\t\t\t\t\t\t\t\t<a class=\"elementor-accordion-title\" tabindex=\"0\">Nerea Andr\u00e9s<\/a>\n\t\t\t\t\t<\/div>\n\t\t\t\t\t<div id=\"elementor-tab-content-2641\" class=\"elementor-tab-content elementor-clearfix\" data-tab=\"1\" role=\"region\" aria-labelledby=\"elementor-tab-title-2641\"><p>Acompa\u00f1ante en Niu de Llavors. Su vocaci\u00f3n por la infancia la ha acompa\u00f1ado siempre y desde la adolescencia no ha dejado de trabajar con criaturas. Las pr\u00e1cticas de Magisterio Infantil en una escuela Reggio Emilia en Italia cambian su mirada, considerando a los ni\u00f1os como seres aut\u00f3nomos, competentes y globales. Da gusto ver a Nerea relacionarse con los ni\u00f1os y las ni\u00f1as. Como si fuera una cuesti\u00f3n de magia, consigue conectar con ellos y ellas de manera profunda. Amante de la m\u00fasica, la fotograf\u00eda, viajar y conocer otras culturas, su objetivo vital es trabajar por la felicidad de ni\u00f1os y ni\u00f1as, porque una infancia feliz aportar\u00e1 en el mundo adultos\/se libres, responsables y seguros.<\/p><p><strong>\u00bfQu\u00e9 nos encanta de Nerea?<\/strong> Lo mon\u00edsima que va siempre.<br \/><strong>\u00bfQu\u00e9 nos lleva de cabeza?<\/strong> Su obsesi\u00f3n por cada cosa a su lugar<\/p><\/div>\n\t\t\t\t<\/div>\n\t\t\t\t\t\t\t\t<\/div>\n\t\t\t\t\t\t<\/div>\n\t\t\t\t<\/div>\n\t\t\t\t\t<\/div>\n\t\t<\/div>\n\t\t\t\t<div class=\"elementor-column elementor-col-25 elementor-top-column elementor-element elementor-element-34bce38e\" data-id=\"34bce38e\" data-element_type=\"column\">\n\t\t\t<div class=\"elementor-widget-wrap elementor-element-populated\">\n\t\t\t\t\t\t<div class=\"elementor-element elementor-element-4741cdf1 elementor-flip-box--effect-fade elementor-widget elementor-widget-flip-box\" data-id=\"4741cdf1\" data-element_type=\"widget\" data-widget_type=\"flip-box.default\">\n\t\t\t\t<div class=\"elementor-widget-container\">\n\t\t\t\t\t\t\t<div class=\"elementor-flip-box\" tabindex=\"0\">\n\t\t\t<div class=\"elementor-flip-box__layer elementor-flip-box__front\">\n\t\t\t\t<div class=\"elementor-flip-box__layer__overlay\">\n\t\t\t\t\t<div class=\"elementor-flip-box__layer__inner\">\n\t\t\t\t\t\t\n\t\t\t\t\t\t\n\t\t\t\t\t\t\t\t\t\t\t<\/div>\n\t\t\t\t<\/div>\n\t\t\t<\/div>\n\t\t\t<div class=\"elementor-flip-box__layer elementor-flip-box__back\">\n\t\t\t<div class=\"elementor-flip-box__layer__overlay\">\n\t\t\t\t<div class=\"elementor-flip-box__layer__inner\">\n\t\t\t\t\t\n\t\t\t\t\t\n\t\t\t\t\t\t\t\t<\/div>\n\t\t<\/div>\n\t\t<\/div>\n\t\t<\/div>\n\t\t\t\t\t\t<\/div>\n\t\t\t\t<\/div>\n\t\t\t\t<div class=\"elementor-element elementor-element-1fb5a39 elementor-widget elementor-widget-accordion\" data-id=\"1fb5a39\" data-element_type=\"widget\" data-widget_type=\"accordion.default\">\n\t\t\t\t<div class=\"elementor-widget-container\">\n\t\t\t\t\t\t\t<div class=\"elementor-accordion\">\n\t\t\t\t\t\t\t<div class=\"elementor-accordion-item\">\n\t\t\t\t\t<div id=\"elementor-tab-title-3321\" class=\"elementor-tab-title\" data-tab=\"1\" role=\"button\" aria-controls=\"elementor-tab-content-3321\" aria-expanded=\"false\">\n\t\t\t\t\t\t\t\t\t\t\t\t\t<span class=\"elementor-accordion-icon elementor-accordion-icon-right\" aria-hidden=\"true\">\n\t\t\t\t\t\t\t\t\t\t\t\t\t\t\t<span class=\"elementor-accordion-icon-closed\"><i class=\"fas fa-plus\"><\/i><\/span>\n\t\t\t\t\t\t\t\t<span class=\"elementor-accordion-icon-opened\"><i class=\"fas fa-minus\"><\/i><\/span>\n\t\t\t\t\t\t\t\t\t\t\t\t\t\t<\/span>\n\t\t\t\t\t\t\t\t\t\t\t\t<a class=\"elementor-accordion-title\" tabindex=\"0\">Laura Rayos<\/a>\n\t\t\t\t\t<\/div>\n\t\t\t\t\t<div id=\"elementor-tab-content-3321\" class=\"elementor-tab-content elementor-clearfix\" data-tab=\"1\" role=\"region\" aria-labelledby=\"elementor-tab-title-3321\"><p>Formadora de profesorado y acompa\u00f1ante. Siente una gran fascinaci\u00f3n por la naturaleza; tambi\u00e9n por la que habita en el interior de cada ser humano. Acompa\u00f1a con gusto procesos desde una mirada que ofrece apoyo, presencia, curiosidad y aceptaci\u00f3n de cada momento, siendo testigo de la transformaci\u00f3n que nos ofrece la vida.<br \/>Licenciada en Filosof\u00eda con m\u00e1ster de educaci\u00f3n, especialista en Ecolog\u00eda de los Sistemas Humanos, formada como mediadora y como facilitadora de grupos. Laura tiene ocho a\u00f1os de experiencia como coordinadora y acompa\u00f1ante en la asociaci\u00f3n Petites Flames, dedicada a la pedagog\u00eda libre en la naturaza. Desde hace tres a\u00f1os se dedica a acompa\u00f1ar a centros educativos p\u00fablicos de infantil y primaria en sus transformaciones.<\/p><p><strong>\u00bfQu\u00e9 nos encanta de Laura?<\/strong> Su capacidad de conectar con las personas de coraz\u00f3n a coraz\u00f3n, m\u00e1s all\u00e1 de las palabras.<br \/><strong>\u00bfQu\u00e9 nos lleva de cabeza?<\/strong> Que sea incapaz de entender cualquier tipo de iron\u00eda.<\/p><\/div>\n\t\t\t\t<\/div>\n\t\t\t\t\t\t\t\t<\/div>\n\t\t\t\t\t\t<\/div>\n\t\t\t\t<\/div>\n\t\t\t\t\t<\/div>\n\t\t<\/div>\n\t\t\t\t\t<\/div>\n\t\t<\/section>\n\t\t\t\t<\/div>","protected":false},"excerpt":{"rendered":"<p>L\u2019associaci\u00f3 Niu de Llavors \u00e9s una associaci\u00f3 sense \u00e0nim de lucre, formada per fam\u00edlies conven\u00e7udes de que cal una mirada m\u00e9s respectuosa cap a la inf\u00e0ncia. En el 2017 sembr\u00e0rem la nostra primera llavor, amb un grup de persones que busc\u00e0vem una tribu per a criar als nostres beb\u00e9s i donar-nos suport m\u00fatuament. Arribat el [&hellip;]<\/p>","protected":false},"author":1,"featured_media":0,"parent":0,"menu_order":0,"comment_status":"closed","ping_status":"closed","template":"","meta":{"footnotes":""},"_links":{"self":[{"href":"https:\/\/niudellavors.org\/cas\/wp-json\/wp\/v2\/pages\/77"}],"collection":[{"href":"https:\/\/niudellavors.org\/cas\/wp-json\/wp\/v2\/pages"}],"about":[{"href":"https:\/\/niudellavors.org\/cas\/wp-json\/wp\/v2\/types\/page"}],"author":[{"embeddable":true,"href":"https:\/\/niudellavors.org\/cas\/wp-json\/wp\/v2\/users\/1"}],"replies":[{"embeddable":true,"href":"https:\/\/niudellavors.org\/cas\/wp-json\/wp\/v2\/comments?post=77"}],"version-history":[{"count":45,"href":"https:\/\/niudellavors.org\/cas\/wp-json\/wp\/v2\/pages\/77\/revisions"}],"predecessor-version":[{"id":2732,"href":"https:\/\/niudellavors.org\/cas\/wp-json\/wp\/v2\/pages\/77\/revisions\/2732"}],"wp:attachment":[{"href":"https:\/\/niudellavors.org\/cas\/wp-json\/wp\/v2\/media?parent=77"}],"curies":[{"name":"wp","href":"https:\/\/api.w.org\/{rel}","templated":true}]}}